{"id":17,"date":"2025-03-31T16:00:30","date_gmt":"2025-03-31T14:00:30","guid":{"rendered":"http:\/\/2017.lv15.de\/?page_id=17"},"modified":"2025-04-01T10:23:50","modified_gmt":"2025-04-01T08:23:50","slug":"kontakt","status":"publish","type":"page","link":"http:\/\/2017.lv15.de\/?page_id=17","title":{"rendered":"Kontaktadressen Gesamtvorstand"},"content":{"rendered":"<p>&nbsp;<\/p>\n<table style=\"border-color: #000000; width: 87.0691%;\" border=\"1\">\n<tbody>\n<tr style=\"background-color: #73ffbe;\">\n<td style=\"border-color: #000000; width: 25.1232%;\"><strong>Name:<\/strong><\/td>\n<td style=\"border-color: #000000; width: 19.5401%;\"><strong>Funktion im LV15<\/strong><\/td>\n<td style=\"border-color: #000000; width: 40.3941%;\"><strong>Kontaktm\u00f6glichkeiten:<\/strong><\/td>\n<td style=\"border-color: #000000; width: 14.7783%;\">Sprache<\/td>\n<\/tr>\n<tr>\n<td style=\"border-color: #000000; width: 25.1232%; text-align: left; vertical-align: top;\"><strong>J\u00fcrgen M\u00f6ller<\/strong><\/td>\n<td style=\"border-color: #000000; width: 19.5401%; text-align: left; vertical-align: top;\">1. Vorsitzender<\/td>\n<td style=\"border-color: #000000; width: 40.3941%; text-align: left; vertical-align: top;\">Albert-Schweitzer.Str.13\u00a0\u00a0\u00a0\u00a0\u00a0\u00a0\u00a0\u00a0\u00a0\u00a0\u00a0\u00a0\u00a0\u00a0\u00a0\u00a0\u00a0\u00a0\u00a0\u00a0\u00a0\u00a0\u00a0\u00a0\u00a0\u00a0\u00a0\u00a0\u00a0\u00a0\u00a0\u00a0\u00a0\u00a0\u00a0\u00a0\u00a0\u00a0 36367 Wartenberg\u00a0\u00a0\u00a0\u00a0\u00a0\u00a0\u00a0\u00a0\u00a0\u00a0\u00a0\u00a0\u00a0\u00a0\u00a0\u00a0\u00a0\u00a0\u00a0\u00a0\u00a0\u00a0\u00a0\u00a0\u00a0\u00a0\u00a0\u00a0\u00a0\u00a0\u00a0\u00a0\u00a0\u00a0\u00a0\u00a0\u00a0\u00a0\u00a0\u00a0\u00a0\u00a0 mobil:0179-9337123\u00a0\u00a0\u00a0\u00a0\u00a0\u00a0\u00a0\u00a0\u00a0\u00a0\u00a0\u00a0\u00a0\u00a0\u00a0\u00a0\u00a0\u00a0\u00a0\u00a0\u00a0\u00a0\u00a0\u00a0\u00a0\u00a0\u00a0\u00a0\u00a0\u00a0\u00a0\u00a0\u00a0\u00a0\u00a0\u00a0\u00a0\u00a0\u00a0\u00a0\u00a0\u00a0\u00a0\u00a0\u00a0\u00a0\u00a0\u00a0 floh.moeller@t-online.de<\/td>\n<td style=\"border-color: #000000; width: 14.7783%; text-align: left; vertical-align: top;\">deutsch<\/td>\n<\/tr>\n<tr>\n<td style=\"border-color: #000000; width: 25.1232%; text-align: left; vertical-align: top;\"><strong>\u00a0<\/strong><\/td>\n<td style=\"border-color: #000000; width: 19.5401%; text-align: left; vertical-align: top;\"><\/td>\n<td style=\"border-color: #000000; width: 40.3941%; text-align: left; vertical-align: top;\"><\/td>\n<td style=\"border-color: #000000; width: 14.7783%; text-align: left; vertical-align: top;\"><\/td>\n<\/tr>\n<tr>\n<td style=\"border-color: #000000; width: 25.1232%; text-align: left; vertical-align: top;\"><strong>Burkard R\u00f6der<br \/>\n<\/strong><\/td>\n<td style=\"border-color: #000000; width: 19.5401%; text-align: left; vertical-align: top;\">1. Kassierer<\/p>\n<p>u. Ringwart<\/td>\n<td style=\"border-color: #000000; width: 40.3941%; text-align: left; vertical-align: top;\">Im Steinbusch 1 \u00a0\u00a0\u00a0\u00a0\u00a0\u00a0\u00a0\u00a0\u00a0\u00a0\u00a0\u00a0\u00a0\u00a0\u00a0\u00a0\u00a0\u00a0\u00a0\u00a0\u00a0\u00a0\u00a0\u00a0\u00a0\u00a0\u00a0\u00a0\u00a0\u00a0\u00a0\u00a0\u00a0\u00a0\u00a0\u00a0\u00a0\u00a0\u00a0\u00a0\u00a0\u00a0\u00a0\u00a0\u00a0\u00a0\u00a0\u00a0\u00a0\u00a0 36391 Sinntal\u00a0\u00a0\u00a0\u00a0\u00a0\u00a0\u00a0\u00a0\u00a0\u00a0\u00a0\u00a0\u00a0\u00a0\u00a0\u00a0\u00a0\u00a0\u00a0\u00a0\u00a0\u00a0\u00a0\u00a0\u00a0\u00a0\u00a0\u00a0\u00a0\u00a0\u00a0\u00a0\u00a0\u00a0\u00a0\u00a0\u00a0\u00a0\u00a0\u00a0\u00a0\u00a0\u00a0\u00a0\u00a0\u00a0\u00a0\u00a0\u00a0\u00a0\u00a0\u00a0\u00a0\u00a0\u00a0\u00a0\u00a0\u00a0\u00a0\u00a0\u00a0\u00a0 mobil:0171 1960200 \u00a0 \u00a0 \u00a0 \u00a0 \u00a0 \u00a0 \u00a0 \u00a0 \u00a0 \u00a0 \u00a0 \u00a0 \u00a0 \u00a0 \u00a0 \u00a0 \u00a0 \u00a0 \u00a0 \u00a0 \u00a0 \u00a0 \u00a0 \u00a0 \u00a0 \u00a0 burkard-roeder@t-online.de<\/p>\n<p>&nbsp;<\/td>\n<td style=\"border-color: #000000; width: 14.7783%; text-align: left; vertical-align: top;\">\u00a0deutsch<\/td>\n<\/tr>\n<tr>\n<td style=\"width: 25.1232%;\"><strong>Volker Mihr<\/strong><\/td>\n<td style=\"width: 19.5401%;\">1.Schriftf\u00fchrer<\/td>\n<td style=\"width: 40.3941%;\">Jahnstr. 18<br \/>\n34270 Schauenburg<br \/>\nmobil:0178-7831477<br \/>\nvolker.mihr@web.de<\/td>\n<td style=\"border-color: #000000; width: 14.7783%; text-align: left; vertical-align: top;\">deutsch<\/td>\n<\/tr>\n<tr>\n<td style=\"border-color: #000000; width: 25.1232%; text-align: left; vertical-align: top;\"><\/td>\n<td style=\"border-color: #000000; width: 19.5401%; text-align: left; vertical-align: top;\"><\/td>\n<td style=\"border-color: #000000; width: 40.3941%; text-align: left; vertical-align: top;\"><\/td>\n<td style=\"border-color: #000000; width: 14.7783%; text-align: left; vertical-align: top;\"><\/td>\n<\/tr>\n<tr>\n<td style=\"border-color: #000000; width: 25.1232%; text-align: left; vertical-align: top;\"><\/td>\n<td style=\"border-color: #000000; width: 19.5401%; text-align: left; vertical-align: top;\"><\/td>\n<td style=\"width: 40.3941%;\"><\/td>\n<td style=\"border-color: #000000; width: 14.7783%; text-align: left; vertical-align: top;\"><\/td>\n<\/tr>\n<tr>\n<td style=\"border-color: #000000; width: 25.1232%; text-align: left; vertical-align: top;\">\u00a0<strong>Stefan D\u00f6rrbecker<\/strong><\/td>\n<td style=\"border-color: #000000; width: 19.5401%; text-align: left; vertical-align: top;\">Spartenleiter Gesangkanarien<\/td>\n<td style=\"border-color: #000000; width: 40.3941%; text-align: left; vertical-align: top;\">Friedrich-Fennel-Str.35<br \/>\n34128 Kassel<br \/>\nmobil:0171-937184<br \/>\nstefan.doerrbecker@arcor.de<\/td>\n<td style=\"border-color: #000000; width: 14.7783%; text-align: left; vertical-align: top;\">\u00a0deutsch<\/td>\n<\/tr>\n<tr>\n<td style=\"border-color: #000000; width: 25.1232%; text-align: left; vertical-align: top;\"><strong>\u00a0<\/strong><\/td>\n<td style=\"border-color: #000000; width: 19.5401%; text-align: left; vertical-align: top;\"><\/td>\n<td style=\"border-color: #000000; width: 40.3941%; text-align: left; vertical-align: top;\"><\/td>\n<td style=\"border-color: #000000; width: 14.7783%; text-align: left; vertical-align: top;\">\u00a0deutsch<\/td>\n<\/tr>\n<tr>\n<td style=\"border-color: #000000; width: 25.1232%; text-align: left; vertical-align: top;\"><strong>Gerfried Wei\u00df<br \/>\n<\/strong><\/td>\n<td style=\"border-color: #000000; width: 19.5401%; text-align: left; vertical-align: top;\">Spartenleiter MCE<\/p>\n<p>stv.Spartenleiter FP<\/td>\n<td style=\"border-color: #000000; width: 40.3941%; text-align: left; vertical-align: top;\">Am B\u00fcnberg 6<br \/>\n36179 Bebra<br \/>\nTel.: 06622 \/ 919910<br \/>\nFax: 06622 \/ 919912<br \/>\nmobil:0172-5623457<br \/>\ngweiss@vogelzucht-bebra.de<\/td>\n<td style=\"border-color: #000000; width: 14.7783%; text-align: left; vertical-align: top;\">\u00a0deutsch<\/td>\n<\/tr>\n<tr>\n<td style=\"border-color: #000000; width: 25.1232%; text-align: left; vertical-align: top;\"><strong>Roland Schneider<\/strong><\/td>\n<td style=\"border-color: #000000; width: 19.5401%; text-align: left; vertical-align: top;\">Spartenleiter FP<\/p>\n<p>stv.Spartenleiter MCE<\/td>\n<td style=\"border-color: #000000; width: 40.3941%; text-align: left; vertical-align: top;\">Salzburgerstr.1a\u00a0\u00a0\u00a0\u00a0\u00a0\u00a0\u00a0\u00a0\u00a0\u00a0\u00a0\u00a0\u00a0\u00a0\u00a0\u00a0\u00a0\u00a0\u00a0\u00a0\u00a0\u00a0\u00a0\u00a0\u00a0\u00a0\u00a0\u00a0\u00a0\u00a0\u00a0\u00a0\u00a0\u00a0\u00a0\u00a0\u00a0\u00a0\u00a0\u00a0\u00a0\u00a0\u00a0\u00a0\u00a0\u00a0\u00a0\u00a0\u00a0\u00a0\u00a0\u00a0\u00a0\u00a0\u00a0\u00a0\u00a0\u00a0\u00a0 36093 Fulda \u00a0\u00a0\u00a0\u00a0\u00a0\u00a0\u00a0\u00a0\u00a0\u00a0\u00a0\u00a0\u00a0\u00a0\u00a0\u00a0\u00a0\u00a0\u00a0\u00a0\u00a0\u00a0\u00a0\u00a0\u00a0\u00a0\u00a0\u00a0\u00a0\u00a0\u00a0\u00a0\u00a0\u00a0\u00a0\u00a0\u00a0\u00a0\u00a0\u00a0\u00a0\u00a0\u00a0\u00a0\u00a0\u00a0\u00a0\u00a0\u00a0\u00a0\u00a0\u00a0\u00a0\u00a0\u00a0\u00a0\u00a0\u00a0\u00a0\u00a0\u00a0\u00a0\u00a0\u00a0\u00a0 mobil:01701193679\u00a0\u00a0\u00a0\u00a0\u00a0\u00a0\u00a0\u00a0\u00a0\u00a0\u00a0\u00a0\u00a0\u00a0\u00a0\u00a0\u00a0\u00a0\u00a0\u00a0\u00a0\u00a0\u00a0\u00a0\u00a0\u00a0\u00a0\u00a0\u00a0\u00a0\u00a0\u00a0\u00a0\u00a0\u00a0\u00a0\u00a0\u00a0\u00a0 Rvmaar@gmx.de<\/td>\n<td style=\"border-color: #000000; width: 14.7783%; text-align: left; vertical-align: top;\">deutsch<\/td>\n<\/tr>\n<tr>\n<td style=\"border-color: #000000; width: 25.1232%; text-align: left; vertical-align: top;\"><strong>Ralf Eifert<\/strong><\/td>\n<td style=\"border-color: #000000; width: 19.5401%; text-align: left; vertical-align: top;\">Spartenleiter WSGSEX<\/td>\n<td style=\"border-color: #000000; width: 40.3941%; text-align: left; vertical-align: top;\">Schulweg 5 \u00a0\u00a0\u00a0\u00a0\u00a0\u00a0\u00a0\u00a0\u00a0\u00a0\u00a0\u00a0\u00a0\u00a0\u00a0\u00a0\u00a0\u00a0\u00a0\u00a0\u00a0\u00a0\u00a0\u00a0\u00a0\u00a0\u00a0\u00a0\u00a0\u00a0\u00a0\u00a0\u00a0\u00a0\u00a0\u00a0\u00a0\u00a0\u00a0\u00a0\u00a0\u00a0\u00a0\u00a0\u00a0\u00a0\u00a0\u00a0\u00a0\u00a0\u00a0\u00a0\u00a0\u00a0\u00a0\u00a0\u00a0\u00a0\u00a0\u00a0\u00a0 36110 Schlitz\u00a0\u00a0\u00a0\u00a0\u00a0\u00a0\u00a0\u00a0\u00a0\u00a0\u00a0\u00a0\u00a0\u00a0\u00a0\u00a0\u00a0\u00a0\u00a0\u00a0\u00a0\u00a0\u00a0\u00a0\u00a0\u00a0\u00a0\u00a0\u00a0\u00a0\u00a0\u00a0\u00a0\u00a0\u00a0\u00a0\u00a0\u00a0\u00a0\u00a0\u00a0\u00a0\u00a0\u00a0 mobil:0171-7329617\u00a0\u00a0\u00a0\u00a0\u00a0\u00a0\u00a0\u00a0\u00a0\u00a0\u00a0\u00a0\u00a0\u00a0\u00a0\u00a0\u00a0\u00a0\u00a0\u00a0\u00a0\u00a0\u00a0\u00a0\u00a0\u00a0\u00a0\u00a0\u00a0\u00a0\u00a0\u00a0\u00a0\u00a0\u00a0\u00a0\u00a0\u00a0\u00a0 eifert.ralf@web.de<\/td>\n<td style=\"border-color: #000000; width: 14.7783%; text-align: left; vertical-align: top;\">deutsch<\/td>\n<\/tr>\n<tr>\n<td style=\"border-color: #000000; width: 25.1232%; text-align: left; vertical-align: top;\"><strong>Thomas Zimmermann<\/strong><\/td>\n<td style=\"border-color: #000000; width: 19.5401%; text-align: left; vertical-align: top;\">Ehrengerichts-Vorsitzender<\/td>\n<td style=\"border-color: #000000; width: 40.3941%; text-align: left; vertical-align: top;\">M\u00fchlenstr.16\u00a0\u00a0\u00a0\u00a0\u00a0\u00a0\u00a0\u00a0\u00a0\u00a0\u00a0\u00a0\u00a0\u00a0\u00a0\u00a0\u00a0\u00a0\u00a0\u00a0\u00a0\u00a0\u00a0\u00a0\u00a0\u00a0\u00a0\u00a0\u00a0\u00a0\u00a0\u00a0\u00a0\u00a0\u00a0\u00a0\u00a0\u00a0\u00a0\u00a0\u00a0\u00a0\u00a0\u00a0\u00a0\u00a0\u00a0\u00a0\u00a0\u00a0\u00a0\u00a0\u00a0\u00a0\u00a0\u00a0\u00a0\u00a0\u00a0\u00a0\u00a0 36119 Neuhof\u00a0\u00a0\u00a0\u00a0\u00a0\u00a0\u00a0\u00a0\u00a0\u00a0\u00a0\u00a0\u00a0\u00a0\u00a0\u00a0\u00a0\u00a0\u00a0\u00a0\u00a0\u00a0\u00a0\u00a0\u00a0\u00a0\u00a0\u00a0\u00a0\u00a0\u00a0\u00a0\u00a0\u00a0\u00a0\u00a0\u00a0\u00a0\u00a0\u00a0\u00a0\u00a0\u00a0\u00a0\u00a0\u00a0\u00a0\u00a0\u00a0\u00a0\u00a0\u00a0 mobil:0163-1875661\u00a0\u00a0\u00a0\u00a0\u00a0\u00a0\u00a0\u00a0\u00a0\u00a0\u00a0\u00a0\u00a0\u00a0\u00a0\u00a0\u00a0\u00a0\u00a0\u00a0\u00a0\u00a0\u00a0\u00a0\u00a0\u00a0\u00a0\u00a0\u00a0\u00a0\u00a0\u00a0\u00a0\u00a0\u00a0\u00a0\u00a0\u00a0\u00a0\u00a0\u00a0\u00a0\u00a0 zimtho@unitybox.de<\/td>\n<td style=\"border-color: #000000; width: 14.7783%; text-align: left; vertical-align: top;\">deutsch<\/td>\n<\/tr>\n<\/tbody>\n<\/table>\n<p>Hinweise:<\/p>\n<ul>\n<li>Die Emailadressen sind nicht anklickbar aus spamschutzrechtlichen Gr\u00fcnden. Bitte tippen Sie die Emailadresse manuell in Ihr Emailprogramm ein.<\/li>\n<li>Bitte geben Sie bei jeder Anfrage einen aussagekr\u00e4ftigen &#8222;Betreff&#8220; in die Betreffszeile (auch Subject) Ihres Emailprogrammes ein. Dies erleichtert dem Empf\u00e4nger die Arbeit bzw. kann verhindern, dass das System des Anbieters die Email als Spam einstuft oder gar automatisch komplett l\u00f6scht.<\/li>\n<\/ul>\n<hr \/>\n<p>(Stand: August 2016)<\/p>\n<p><span style=\"color: #ff0000;\"><strong>Hinweis gem\u00e4\u00df \u00a7 28 BDSG<\/strong><\/span><\/p>\n<p>Der Nutzung von im Rahmen der Impressumspflicht bzw. informellen Teil ver\u00f6ffentlichten Kontaktdaten durch Dritte zur \u00dcbersendung von nicht ausdr\u00fccklich angeforderter Werbung und Informationsmaterialien wird hiermit <span style=\"text-decoration: underline;\">ausdr\u00fccklich widersprochen<\/span>.<\/p>\n<p>Wir behalten uns ausdr\u00fccklich rechtliche Schritte im Falle der unverlangten Zusendung von Werbeinformationen, etwa durch Spam-Mails oder Werbeanrufe, vor.<\/p>\n","protected":false},"excerpt":{"rendered":"<p>&nbsp; Name: Funktion im LV15 Kontaktm\u00f6glichkeiten: Sprache J\u00fcrgen M\u00f6ller 1. Vorsitzender Albert-Schweitzer.Str.13\u00a0\u00a0\u00a0\u00a0\u00a0\u00a0\u00a0\u00a0\u00a0\u00a0\u00a0\u00a0\u00a0\u00a0\u00a0\u00a0\u00a0\u00a0\u00a0\u00a0\u00a0\u00a0\u00a0\u00a0\u00a0\u00a0\u00a0\u00a0\u00a0\u00a0\u00a0\u00a0\u00a0\u00a0\u00a0\u00a0\u00a0\u00a0 36367 Wartenberg\u00a0\u00a0\u00a0\u00a0\u00a0\u00a0\u00a0\u00a0\u00a0\u00a0\u00a0\u00a0\u00a0\u00a0\u00a0\u00a0\u00a0\u00a0\u00a0\u00a0\u00a0\u00a0\u00a0\u00a0\u00a0\u00a0\u00a0\u00a0\u00a0\u00a0\u00a0\u00a0\u00a0\u00a0\u00a0\u00a0\u00a0\u00a0\u00a0\u00a0\u00a0\u00a0 mobil:0179-9337123\u00a0\u00a0\u00a0\u00a0\u00a0\u00a0\u00a0\u00a0\u00a0\u00a0\u00a0\u00a0\u00a0\u00a0\u00a0\u00a0\u00a0\u00a0\u00a0\u00a0\u00a0\u00a0\u00a0\u00a0\u00a0\u00a0\u00a0\u00a0\u00a0\u00a0\u00a0\u00a0\u00a0\u00a0\u00a0\u00a0\u00a0\u00a0\u00a0\u00a0\u00a0\u00a0\u00a0\u00a0\u00a0\u00a0\u00a0\u00a0 floh.moeller@t-online.de deutsch \u00a0 Burkard R\u00f6der 1. Kassierer u. Ringwart Im Steinbusch 1 \u00a0\u00a0\u00a0\u00a0\u00a0\u00a0\u00a0\u00a0\u00a0\u00a0\u00a0\u00a0\u00a0\u00a0\u00a0\u00a0\u00a0\u00a0\u00a0\u00a0\u00a0\u00a0\u00a0\u00a0\u00a0\u00a0\u00a0\u00a0\u00a0\u00a0\u00a0\u00a0\u00a0\u00a0\u00a0\u00a0\u00a0\u00a0\u00a0\u00a0\u00a0\u00a0\u00a0\u00a0\u00a0\u00a0\u00a0\u00a0\u00a0\u00a0 36391 Sinntal\u00a0\u00a0\u00a0\u00a0\u00a0\u00a0\u00a0\u00a0\u00a0\u00a0\u00a0\u00a0\u00a0\u00a0\u00a0\u00a0\u00a0\u00a0\u00a0\u00a0\u00a0\u00a0\u00a0\u00a0\u00a0\u00a0\u00a0\u00a0\u00a0\u00a0\u00a0\u00a0\u00a0\u00a0\u00a0\u00a0\u00a0\u00a0\u00a0\u00a0\u00a0\u00a0\u00a0\u00a0\u00a0\u00a0\u00a0\u00a0\u00a0\u00a0\u00a0\u00a0\u00a0\u00a0\u00a0\u00a0\u00a0\u00a0\u00a0\u00a0\u00a0\u00a0 mobil:0171 1960200 \u00a0 \u00a0 \u00a0 \u00a0 \u00a0 \u00a0 \u00a0 \u00a0 \u00a0 \u00a0 \u00a0 \u00a0 \u00a0 \u00a0 \u00a0 \u00a0 \u00a0 \u00a0 \u00a0 \u00a0 \u00a0 \u00a0 \u00a0 \u00a0 \u00a0 \u00a0 burkard-roeder@t-online.de &nbsp;<\/p>\n","protected":false},"author":3,"featured_media":0,"parent":0,"menu_order":5,"comment_status":"closed","ping_status":"closed","template":"","meta":[],"_links":{"self":[{"href":"http:\/\/2017.lv15.de\/index.php?rest_route=\/wp\/v2\/pages\/17"}],"collection":[{"href":"http:\/\/2017.lv15.de\/index.php?rest_route=\/wp\/v2\/pages"}],"about":[{"href":"http:\/\/2017.lv15.de\/index.php?rest_route=\/wp\/v2\/types\/page"}],"author":[{"embeddable":true,"href":"http:\/\/2017.lv15.de\/index.php?rest_route=\/wp\/v2\/users\/3"}],"replies":[{"embeddable":true,"href":"http:\/\/2017.lv15.de\/index.php?rest_route=%2Fwp%2Fv2%2Fcomments&post=17"}],"version-history":[{"count":11,"href":"http:\/\/2017.lv15.de\/index.php?rest_route=\/wp\/v2\/pages\/17\/revisions"}],"predecessor-version":[{"id":847,"href":"http:\/\/2017.lv15.de\/index.php?rest_route=\/wp\/v2\/pages\/17\/revisions\/847"}],"wp:attachment":[{"href":"http:\/\/2017.lv15.de\/index.php?rest_route=%2Fwp%2Fv2%2Fmedia&parent=17"}],"curies":[{"name":"wp","href":"https:\/\/api.w.org\/{rel}","templated":true}]}}