{"id":218,"date":"2017-05-19T22:21:44","date_gmt":"2017-05-19T20:21:44","guid":{"rendered":"http:\/\/2017.lv15.de\/?page_id=218"},"modified":"2017-05-24T19:24:29","modified_gmt":"2017-05-24T17:24:29","slug":"eschwege","status":"publish","type":"page","link":"http:\/\/2017.lv15.de\/?page_id=218","title":{"rendered":"Eschwege"},"content":{"rendered":"<p style=\"text-align: center;\"><img loading=\"lazy\" class=\"alignnone wp-image-169 size-full\" src=\"http:\/\/2017.lv15.de\/wp-content\/uploads\/2017\/05\/birds.gif\" alt=\"\" width=\"582\" height=\"47\" \/><\/p>\n<p><span style=\"color: #0000ff;\"><strong>Vereinsname<\/strong><\/span><b>:<\/b><br \/>\nVogelzucht- und Vogelschutzverein Werratal 1924 Eschwege e.V.<\/p>\n<p><span style=\"color: #0000ff;\"><strong>Mitgliedsnummer im Landesverband<\/strong><\/span><b>:<\/b><br \/>\n03<\/p>\n<p><span style=\"color: #0000ff;\"><strong>Vereinslokal<\/strong><\/span><b>:<\/b><br \/>\nRestaurant Augenweide<br \/>\nJest\u00e4dter Stra\u00dfe 1<br \/>\n37281 Eschwege-Niederhone<\/p>\n<p><span style=\"color: #0000ff;\"><strong>Ansprechpartner<\/strong><\/span><b>:<\/b><br \/>\n<strong>Christian Reeg<\/strong><br \/>\n1. Vorsitzender<br \/>\nWaldstra\u00dfe 6<br \/>\n37281 Wanfried-Aue<br \/>\nTel. 0160 \/ 97346200<br \/>\nEmail: christian_reeg[at]freenet.de<\/p>\n<p><span style=\"color: #0000ff;\"><strong>Versammlungstermin<\/strong><\/span>:<\/p>\n<ul>\n<li>1. Freitag im Monat (gew\u00f6hnlich ab 20 Uhr)<\/li>\n<li>Die Versammlungen finden in einem separatem Raum hinter der Gaststube statt. Parkpl\u00e4tze sind am gegen\u00fcberliegenden Bahnhof Eschwege-Niederhone reichlich vorhanden.<\/li>\n<li>Interessierte sind jederzeit herzlich nach telefonischer R\u00fccksprache mit dem Vorsitzenden willkommen !<\/li>\n<\/ul>\n<p><span style=\"color: #0000ff;\"><strong>Zuchtrichtungen<\/strong><\/span><b>:<\/b><\/p>\n<ul>\n<li>Farb- und Positurkanarien<\/li>\n<li>Cardueliden<\/li>\n<li>Gro\u00dfsittiche<\/li>\n<li>Wellensittiche<\/li>\n<li>Exoten<\/li>\n<\/ul>\n<p><span style=\"color: #0000ff;\"><strong>Vogelschutz<\/strong><\/span><b>:<\/b><br \/>\nja<\/p>\n<p><span style=\"color: #0000ff;\"><strong>Webseite<\/strong><\/span><b>:<\/b><br \/>\nnoch nicht<\/p>\n<p><span style=\"color: #0000ff;\"><strong>Sonstige Informationen<\/strong><\/span><b>:<\/b><\/p>\n<ul>\n<li>AZ Ortsgruppe seit 1967<\/li>\n<li>Mitglied im Landesverband seit 1948<\/li>\n<\/ul>\n","protected":false},"excerpt":{"rendered":"<p>Vereinsname: Vogelzucht- und Vogelschutzverein Werratal 1924 Eschwege e.V. Mitgliedsnummer im Landesverband: 03 Vereinslokal: Restaurant Augenweide Jest\u00e4dter Stra\u00dfe 1 37281 Eschwege-Niederhone Ansprechpartner: Christian Reeg 1. Vorsitzender Waldstra\u00dfe 6 37281 Wanfried-Aue Tel. 0160 \/ 97346200 Email: christian_reeg[at]freenet.de Versammlungstermin: 1. Freitag im Monat (gew\u00f6hnlich ab 20 Uhr) Die Versammlungen finden in einem separatem Raum hinter der Gaststube statt. Parkpl\u00e4tze sind am gegen\u00fcberliegenden Bahnhof<\/p>\n","protected":false},"author":3,"featured_media":0,"parent":129,"menu_order":2,"comment_status":"closed","ping_status":"closed","template":"","meta":[],"_links":{"self":[{"href":"http:\/\/2017.lv15.de\/index.php?rest_route=\/wp\/v2\/pages\/218"}],"collection":[{"href":"http:\/\/2017.lv15.de\/index.php?rest_route=\/wp\/v2\/pages"}],"about":[{"href":"http:\/\/2017.lv15.de\/index.php?rest_route=\/wp\/v2\/types\/page"}],"author":[{"embeddable":true,"href":"http:\/\/2017.lv15.de\/index.php?rest_route=\/wp\/v2\/users\/3"}],"replies":[{"embeddable":true,"href":"http:\/\/2017.lv15.de\/index.php?rest_route=%2Fwp%2Fv2%2Fcomments&post=218"}],"version-history":[{"count":4,"href":"http:\/\/2017.lv15.de\/index.php?rest_route=\/wp\/v2\/pages\/218\/revisions"}],"predecessor-version":[{"id":286,"href":"http:\/\/2017.lv15.de\/index.php?rest_route=\/wp\/v2\/pages\/218\/revisions\/286"}],"up":[{"embeddable":true,"href":"http:\/\/2017.lv15.de\/index.php?rest_route=\/wp\/v2\/pages\/129"}],"wp:attachment":[{"href":"http:\/\/2017.lv15.de\/index.php?rest_route=%2Fwp%2Fv2%2Fmedia&parent=218"}],"curies":[{"name":"wp","href":"https:\/\/api.w.org\/{rel}","templated":true}]}}